{"id":1744,"date":"2014-05-16T08:59:59","date_gmt":"2014-05-16T06:59:59","guid":{"rendered":"http:\/\/www.telepace.com\/?p=1744"},"modified":"2014-05-16T08:59:59","modified_gmt":"2014-05-16T06:59:59","slug":"opera-aperta-aida-15-maggio-2014","status":"publish","type":"puntata","link":"https:\/\/www.telepace.it\/puntate\/opera-aperta-aida-15-maggio-2014\/","title":{"rendered":"Opera Aperta AIDA 15 Maggio 2014"},"content":{"rendered":"<p><iframe loading=\"lazy\" width=\"800\" height=\"450\" src=\"https:\/\/www.youtube.com\/embed\/HG_8hu1cZ_I?feature=oembed\" frameborder=\"0\" allow=\"autoplay; encrypted-media\" allowfullscreen><\/iframe><\/p>\n<p>Gioved\u00ec 22 e venerd\u00ec 23 maggio prossimo andr\u00e0 in scena al Teatro Filarmonico di Verona un\u2019Aida davvero unica con protagonisti gli alunni di 17 Istituti Comprensivi di Verona che hanno partecipato quest\u2019anno al progetto Opera Aperta AIDA, l\u2019iniziativa promossa dalla Fondazione Arena di Verona e presentata alla stampa questa mattina nella prestigiosa sede dell\u2019Arena Museo Opera a Palazzo Forti.<\/p>\n","protected":false},"featured_media":1745,"template":"","tags":[9],"class_list":["post-1744","puntata","type-puntata","status-publish","has-post-thumbnail","hentry","tag-puntate"],"acf":[],"images":{"thumbnail":"https:\/\/www.telepace.it\/wp-content\/uploads\/2014\/05\/AIDA-150x150.jpg","medium":"https:\/\/www.telepace.it\/wp-content\/uploads\/2014\/05\/AIDA-300x200.jpg","full":"https:\/\/www.telepace.it\/wp-content\/uploads\/2014\/05\/AIDA.jpg"},"descrizione_app":null,"url_app":null,"programma_id":181,"_links":{"self":[{"href":"https:\/\/www.telepace.it\/api\/wp\/v2\/puntata\/1744","targetHints":{"allow":["GET"]}}],"collection":[{"href":"https:\/\/www.telepace.it\/api\/wp\/v2\/puntata"}],"about":[{"href":"https:\/\/www.telepace.it\/api\/wp\/v2\/types\/puntata"}],"wp:featuredmedia":[{"embeddable":true,"href":"https:\/\/www.telepace.it\/api\/wp\/v2\/media\/1745"}],"wp:attachment":[{"href":"https:\/\/www.telepace.it\/api\/wp\/v2\/media?parent=1744"}],"wp:term":[{"taxonomy":"post_tag","embeddable":true,"href":"https:\/\/www.telepace.it\/api\/wp\/v2\/tags?post=1744"}],"curies":[{"name":"wp","href":"https:\/\/api.w.org\/{rel}","templated":true}]}}